{"version":"1.0","provider_name":"alias Fruzsi","provider_url":"https:\/\/aliasfruzsi.cafeblog.hu","author_name":"Fruzsi","author_url":"https:\/\/aliasfruzsi.cafeblog.hu\/author\/fruzsi83citromail-hu\/","title":"Utaz\u00e1s","html":"Tegnap este fura fesz\u00fclts\u00e9g j\u00e1rta \u00e1t a perceket. \u00c9pp indultam vissza Budapestre az esti vonattal. A k\u00e9sz\u00fcl\u0151d\u00e9s k\u00f6zben veszekedtem any\u00e1val, ami n\u00e1lunk kor\u00e1ntsem megszokott. A vihar k\u00e9sz\u00fcl\u0151d\u00f6tt k\u00edv\u00fcl-bel\u00fcl. A sz\u00e9l is felt\u00e1madt mire ki\u00e9rt\u00fcnk az \u00e1llom\u00e1sra, mintha tart\u00f3ztatni akart volna, meg\u00f3vni a val\u00f3s\u00e1g ki\u00e1br\u00e1nd\u00edt\u00f3, egy\u00fctt\u00e9rz\u00e9st\u0151l mentes, sz\u00e1momra embertelen k\u00e9p\u00e9t\u0151l, mely k\u00e9t \u00f3r\u00e1val k\u00e9s\u0151bb megmutatkozott. Az \u00fat nagy r\u00e9sz\u00e9t m\u00e1r megtett\u00fck, \u00e9pp Tatab\u00e1nya el\u0151tt j\u00e1rtunk, amikor hirtelen meg\u00e1llt a vonat. Hossz\u00fa percekig nem tudtuk mi\u00e9rt nem megy\u00fcnk tov\u00e1bb, azt\u00e1n a kalauz v\u00e9gigrohanva a kocsikon tudatta vel\u00fcnk, hogy el\u00fct\u00f6tt\u00fcnk Valakit. A reakci\u00f3 megd\u00f6bbent\u0151 volt sz\u00e1momra.Semmi. Sehol egy felszisszen\u00e9s, egy emberi s\u00f3haj, egy r\u00e9szv\u00e9t. Semmi. Azt\u00e1n k\u00f6vetkezett a sokkol\u00f3 k\u00e9rd\u00e9s \u2013 mikor tudunk tov\u00e1bbmenni? Kifizett\u00fck a jegy \u00e1r\u00e1t!\r\n\r\nA kalauz erre, csak annyit tudott felelni, hogy a vonat alatt egy ember fekszik darabokban, \u00e9rts\u00e9k meg, nem tudunk tov\u00e1bbmenni. Benne felsejlett az egy\u00fctt\u00e9rz\u00e9s, a felel\u0151ss\u00e9g m\u00e1sok ir\u00e1nt.\r\n\r\n\u00c9n csak \u00e1lltam \u00e9s nem hittem a filmnek, ami lep\u00f6rg\u00f6tt el\u0151ttem. Alattunk elt\u00f6rt egy \u00c9let \u00e9s sehol egy egy\u00fctt\u00e9rz\u0151 l\u00e9lek?! Hirtelen k\u00f6nnyes lett a szemem\u2026\r\n\r\nAzt\u00e1n el\u0151ker\u00fcltek a mobilok, mindenki l\u00e1zasan tudatta Valakivel, hogy mekkora pech, sz\u00edv\u00e1s, hogy Valaki vonat al\u00e1 vetette mag\u00e1t, \u00e9s \u00c1LLUNK.\r\n\r\nAz \u00e9let sokszor meg\u00e1ll\u00edt benn\u00fcnket, n\u00e9ha percekre, m\u00e1skor \u00f3r\u00e1kra vagy ak\u00e1r hosszabb id\u0151re, hogy fel\u00e9bredj\u00fcnk abb\u00f3l a l\u00e1z\u00e1lomb\u00f3l, amikor lelketlen\u00fcl viselked\u00fcnk, amikor nem arra haszn\u00e1ljuk az \u00e9letet, amire val\u00f3.\r\n\r\nM\u00e9rhetetlen f\u00e1jdalmat \u00e9reztem azokban a percekben. \u00dagy t\u0171nt, hogy a k\u00f6r\u00fcl\u00f6ttem l\u00e9v\u0151 emberek olyan m\u00e9ly k\u00f3m\u00e1ban vannak, hogy m\u00e9g ez sem \u00e9bresztheti fel \u0151ket, hogy e k\u00f6z\u00f6tt a sok ember k\u00f6z\u00f6tt keresve sem tal\u00e1lok olyat, akiben felmer\u00fclnek a k\u00f6vetkez\u0151 k\u00e9rd\u00e9sek:\r\n\r\nVajon mi\u00e9rt tette? Ki volt \u0151? Kiket hagyott itt? Vajon mit \u00e9rez most a mozdonyvezet\u0151? Hova t\u0171nt az emberekb\u0151l az egy\u00fctt\u00e9rz\u00e9s?\r\n\r\nEzek a k\u00e9rd\u00e9sek lettek az \u00e9n t\u00e1rsas\u00e1gom, s k\u00f6zben kezdtem \u00fagy \u00e9rezni, hogy a vil\u00e1g elveszett. Persze vannak m\u00e9g Emberek, akik a sz\u00edv\u00fckkel figyelnek T\u00e9ged, keresd az \u0151 t\u00e1rsas\u00e1guk, s ha megleled, becs\u00fcld meg \u0151ket, mert az az igazi \u00c9LET!\r\n\r\n&nbsp;\r\n\r\nOtt \u00e1llsz n\u00e9m\u00e1n, kezed im\u00e1ra kulcsolod,\r\n\r\nS az \u00fcveges tekintet m\u00f6g\u00f6tt cik\u00e1z\u00f3 gondolatok\r\n\r\nvisszarep\u00edtenek az elm\u00falt id\u0151kbe.\r\n\r\nFelid\u00e9zel n\u00e9h\u00e1ny kedves, r\u00e9gi k\u00e9pet,\r\n\r\nS k\u00f6zben r\u00e1d\u00f6bbensz, hogy\r\n\r\nEnnyi az \u00c9let!\r\n\r\n&nbsp;\r\n\r\nSzeress am\u00edg szerethetsz,\r\n\r\nAm\u00edg itt \u00e9lsz e f\u00f6ld\u00f6n!\r\n\r\nNe v\u00e1rj vele addig, hogy\r\n\r\nA holnap el ne j\u00f6jj\u00f6n.\r\n\r\nAkkor m\u00e1r nem \u00e9rti se feln\u0151tt, se gyermek, hogy\r\n\r\nM\u00edg k\u00f6zt\u00fck volt\u00e1l, ezt mi\u00e9rt nem tetted.\r\n\r\n&nbsp;\r\n\r\nB\u00e9k\u00e9lj meg azokkal,\r\n\r\nKikt\u0151l harag vagy b\u00fcszkes\u00e9g elv\u00e1laszt,\r\n\r\nMert ki b\u00e9k\u00e9ben \u00e9l,\r\n\r\nAz tudja a v\u00e1laszt.\r\n\r\n&nbsp;\r\n\r\n<a href=\"https:\/\/aliasfruzsi.cafeblog.hu\/files\/2014\/05\/utazas-termalfurdo-3_20130626144629.jpg\"><img class=\"alignnone size-medium wp-image-50\" alt=\"utazas-termalfurdo-3_20130626144629\" src=\"https:\/\/aliasfruzsi.cafeblog.hu\/files\/2014\/05\/utazas-termalfurdo-3_20130626144629-300x166.jpg\" width=\"300\" height=\"166\" \/><\/a>","type":"rich"}